{"id":1158,"date":"2020-12-07T12:30:08","date_gmt":"2020-12-07T11:30:08","guid":{"rendered":"http:\/\/collegio.anselmianum.com\/home\/practical-information\/news-and-events\/"},"modified":"2023-04-06T10:34:25","modified_gmt":"2023-04-06T08:34:25","slug":"news-and-events","status":"publish","type":"page","link":"https:\/\/www.collegiosantanselmo.com\/en\/collegio-240222-en\/who-we-are\/practical-information\/news-and-events\/","title":{"rendered":"News and events"},"content":{"rendered":"<p><div class=\"fusion-fullwidth fullwidth-box fusion-builder-row-1 fusion-flex-container nonhundred-percent-fullwidth non-hundred-percent-height-scrolling\" style=\"--awb-border-sizes-top:1px;--awb-border-color:var(--awb-custom_color_3);--awb-border-radius-top-left:0px;--awb-border-radius-top-right:0px;--awb-border-radius-bottom-right:0px;--awb-border-radius-bottom-left:0px;--awb-padding-top:3%;--awb-padding-right:20%;--awb-padding-left:20%;--awb-padding-right-medium:30px;--awb-padding-left-medium:30px;--awb-flex-wrap:wrap;\" ><div class=\"fusion-builder-row fusion-row fusion-flex-align-items-flex-start fusion-flex-content-wrap\" style=\"max-width:1144px;margin-left: calc(-4% \/ 2 );margin-right: calc(-4% \/ 2 );\"><div class=\"fusion-layout-column fusion_builder_column fusion-builder-column-0 fusion_builder_column_1_1 1_1 fusion-flex-column\" style=\"--awb-bg-size:cover;--awb-width-large:100%;--awb-margin-top-large:0px;--awb-spacing-right-large:1.92%;--awb-margin-bottom-large:20px;--awb-spacing-left-large:1.92%;--awb-width-medium:100%;--awb-order-medium:0;--awb-spacing-right-medium:1.92%;--awb-spacing-left-medium:1.92%;--awb-width-small:100%;--awb-order-small:0;--awb-spacing-right-small:1.92%;--awb-spacing-left-small:1.92%;\"><div class=\"fusion-column-wrapper fusion-column-has-shadow fusion-flex-justify-content-flex-start fusion-content-layout-column\"><div class=\"fusion-title title fusion-title-1 sep-underline sep-solid fusion-title-text fusion-title-size-one\" style=\"--awb-text-color:var(--awb-color8);--awb-margin-bottom:3%;--awb-margin-top-small:0px;--awb-sep-color:var(--awb-color7);--awb-font-size:var(--awb-typography2-font-size);\"><h1 class=\"fusion-title-heading title-heading-left fusion-responsive-typography-calculated\" style=\"font-family:var(--awb-typography2-font-family);font-weight:var(--awb-typography2-font-weight);font-style:var(--awb-typography2-font-style);margin:0;letter-spacing:var(--awb-typography2-letter-spacing);text-transform:var(--awb-typography2-text-transform);font-size:1em;--fontSize:26;--minFontSize:26;line-height:var(--awb-typography2-line-height);\">News<\/h1><\/div><div class=\"fusion-post-cards fusion-post-cards-1 fusion-grid-archive fusion-grid-columns-3\" style=\"--awb-column-spacing:30px;--awb-dots-align:center;--awb-columns:3;--awb-filters-color:var(--awb-color6);--awb-active-filter-border-size:3px;--awb-filters-height:36px;--awb-row-spacing:30px;\" data-post-type-label=\"posts\"><ul class=\"fusion-grid fusion-grid-3 fusion-flex-align-items-flex-start fusion-grid-posts-cards fusion-grid-container-infinite fusion-grid-container-load-more\" data-pages=\"23\"><li class=\"fusion-layout-column fusion_builder_column fusion-builder-column-1 fusion-flex-column post-card fusion-grid-column fusion-post-cards-grid-column\" style=\"--awb-bg-blend:overlay;--awb-bg-size:cover;--awb-border-color:#c13c13;--awb-flex-grow:0;--awb-flex-shrink:0;--awb-flex-grow-medium:0;--awb-flex-shrink-medium:0;--awb-flex-grow-small:0;--awb-flex-shrink-small:0;\"><div class=\"fusion-column-wrapper fusion-flex-justify-content-space-around fusion-content-layout-column\"><div class=\"fusion-classic-product-image-wrapper fusion-woo-product-image fusion-post-card-image fusion-post-card-image-1\" data-layout=\"static\" style=\"--awb-margin-bottom:3%;\"><div  class=\"fusion-image-wrapper\" aria-haspopup=\"true\">\n\t\t\t\t\t\t\t<a href=\"https:\/\/www.collegiosantanselmo.com\/en\/2026\/03\/05\/the-mystery-of-passage-ash-wednesday-on-the-aventine-hill\/\" aria-label=\"The Mystery of Passage: Ash Wednesday on the Aventine Hill\">\n\t\t\t\t\t\t\t<img decoding=\"async\" width=\"1920\" height=\"1080\" src=\"https:\/\/www.collegiosantanselmo.com\/wp-content\/uploads\/2026\/03\/DSC_2173-1.jpg\" class=\"attachment-full size-full lazyload wp-post-image\" alt=\"\" srcset=\"data:image\/svg+xml,%3Csvg%20xmlns%3D%27http%3A%2F%2Fwww.w3.org%2F2000%2Fsvg%27%20width%3D%271920%27%20height%3D%271080%27%20viewBox%3D%270%200%201920%201080%27%3E%3Crect%20width%3D%271920%27%20height%3D%271080%27%20fill-opacity%3D%220%22%2F%3E%3C%2Fsvg%3E\" data-orig-src=\"https:\/\/www.collegiosantanselmo.com\/wp-content\/uploads\/2026\/03\/DSC_2173-1.jpg\" data-srcset=\"https:\/\/www.collegiosantanselmo.com\/wp-content\/uploads\/2026\/03\/DSC_2173-1-200x113.jpg 200w, https:\/\/www.collegiosantanselmo.com\/wp-content\/uploads\/2026\/03\/DSC_2173-1-400x225.jpg 400w, https:\/\/www.collegiosantanselmo.com\/wp-content\/uploads\/2026\/03\/DSC_2173-1-600x338.jpg 600w, https:\/\/www.collegiosantanselmo.com\/wp-content\/uploads\/2026\/03\/DSC_2173-1-800x450.jpg 800w, https:\/\/www.collegiosantanselmo.com\/wp-content\/uploads\/2026\/03\/DSC_2173-1-1200x675.jpg 1200w, https:\/\/www.collegiosantanselmo.com\/wp-content\/uploads\/2026\/03\/DSC_2173-1.jpg 1920w\" data-sizes=\"auto\" \/>\t\t\t<\/a>\n\t\t\t\t\t\t\t<\/div>\n<\/div><div class=\"fusion-title title fusion-title-2 fusion-sep-none fusion-title-text fusion-title-size-one\" style=\"--awb-text-color:var(--awb-custom_color_5);--awb-margin-bottom:1%;--awb-margin-top-small:0px;--awb-margin-bottom-small:3%;--awb-font-size:var(--awb-custom_typography_1-font-size);\"><h1 class=\"fusion-title-heading title-heading-left fusion-responsive-typography-calculated\" style=\"font-family:var(--awb-custom_typography_1-font-family);font-weight:var(--awb-custom_typography_1-font-weight);font-style:var(--awb-custom_typography_1-font-style);margin:0;letter-spacing:var(--awb-custom_typography_1-letter-spacing);text-transform:var(--awb-custom_typography_1-text-transform);font-size:1em;--fontSize:20;--minFontSize:20;line-height:var(--awb-custom_typography_1-line-height);\"><a href=\"https:\/\/www.collegiosantanselmo.com\/en\/2026\/03\/05\/the-mystery-of-passage-ash-wednesday-on-the-aventine-hill\/\" class=\"awb-custom-text-color awb-custom-text-hover-color\" target=\"_self\">The Mystery of Passage: Ash Wednesday on the Aventine Hill<\/a><\/h1><\/div><div class=\"fusion-text fusion-text-1\" style=\"--awb-font-size:var(--awb-custom_typography_2-font-size);--awb-line-height:var(--awb-custom_typography_2-line-height);--awb-letter-spacing:var(--awb-custom_typography_2-letter-spacing);--awb-text-transform:var(--awb-custom_typography_2-text-transform);--awb-text-color:var(--awb-custom_color_4);--awb-text-font-family:var(--awb-custom_typography_2-font-family);--awb-text-font-weight:var(--awb-custom_typography_2-font-weight);--awb-text-font-style:var(--awb-custom_typography_2-font-style);\"><p>Meeting at the Basilica of Sant\u2019Anselmo with the Benedictine and Dominican communities, Pope Leo XIV began the Lenten Stational Church pilgrimage, moving in penitential procession to the Basilica of Santa Sabina.<\/p>\n<\/div><div class=\"fusion-separator fusion-full-width-sep\" style=\"align-self: center;margin-left: auto;margin-right: auto;flex-grow:1;width:100%;\"><\/div><div class=\"fusion-separator fusion-no-medium-visibility fusion-no-large-visibility fusion-full-width-sep\" style=\"align-self: center;margin-left: auto;margin-right: auto;flex-grow:1;width:100%;\"><div class=\"fusion-separator-border sep-single sep-solid\" style=\"--awb-height:20px;--awb-amount:20px;--awb-sep-color:#665733;border-color:#665733;border-top-width:1px;\"><\/div><\/div><\/div><\/li>\n<li class=\"fusion-layout-column fusion_builder_column fusion-builder-column-2 fusion-flex-column post-card fusion-grid-column fusion-post-cards-grid-column\" style=\"--awb-bg-blend:overlay;--awb-bg-size:cover;--awb-border-color:#c13c13;--awb-flex-grow:0;--awb-flex-shrink:0;--awb-flex-grow-medium:0;--awb-flex-shrink-medium:0;--awb-flex-grow-small:0;--awb-flex-shrink-small:0;\"><div class=\"fusion-column-wrapper fusion-flex-justify-content-space-around fusion-content-layout-column\"><div class=\"fusion-classic-product-image-wrapper fusion-woo-product-image fusion-post-card-image fusion-post-card-image-1\" data-layout=\"static\" style=\"--awb-margin-bottom:3%;\"><div  class=\"fusion-image-wrapper\" aria-haspopup=\"true\">\n\t\t\t\t\t\t\t<a href=\"https:\/\/www.collegiosantanselmo.com\/en\/2026\/03\/02\/change-of-the-guard-santanselmo-renews-finance-commission\/\" aria-label=\"Change of the Guard: Sant\u2019Anselmo Renews Finance Commission\">\n\t\t\t\t\t\t\t<img decoding=\"async\" width=\"1920\" height=\"1080\" src=\"https:\/\/www.collegiosantanselmo.com\/wp-content\/uploads\/2026\/03\/DSC_2861_1.jpg\" class=\"attachment-full size-full lazyload wp-post-image\" alt=\"\" srcset=\"data:image\/svg+xml,%3Csvg%20xmlns%3D%27http%3A%2F%2Fwww.w3.org%2F2000%2Fsvg%27%20width%3D%271920%27%20height%3D%271080%27%20viewBox%3D%270%200%201920%201080%27%3E%3Crect%20width%3D%271920%27%20height%3D%271080%27%20fill-opacity%3D%220%22%2F%3E%3C%2Fsvg%3E\" data-orig-src=\"https:\/\/www.collegiosantanselmo.com\/wp-content\/uploads\/2026\/03\/DSC_2861_1.jpg\" data-srcset=\"https:\/\/www.collegiosantanselmo.com\/wp-content\/uploads\/2026\/03\/DSC_2861_1-200x113.jpg 200w, https:\/\/www.collegiosantanselmo.com\/wp-content\/uploads\/2026\/03\/DSC_2861_1-400x225.jpg 400w, https:\/\/www.collegiosantanselmo.com\/wp-content\/uploads\/2026\/03\/DSC_2861_1-600x338.jpg 600w, https:\/\/www.collegiosantanselmo.com\/wp-content\/uploads\/2026\/03\/DSC_2861_1-800x450.jpg 800w, https:\/\/www.collegiosantanselmo.com\/wp-content\/uploads\/2026\/03\/DSC_2861_1-1200x675.jpg 1200w, https:\/\/www.collegiosantanselmo.com\/wp-content\/uploads\/2026\/03\/DSC_2861_1.jpg 1920w\" data-sizes=\"auto\" \/>\t\t\t<\/a>\n\t\t\t\t\t\t\t<\/div>\n<\/div><div class=\"fusion-title title fusion-title-3 fusion-sep-none fusion-title-text fusion-title-size-one\" style=\"--awb-text-color:var(--awb-custom_color_5);--awb-margin-bottom:1%;--awb-margin-top-small:0px;--awb-margin-bottom-small:3%;--awb-font-size:var(--awb-custom_typography_1-font-size);\"><h1 class=\"fusion-title-heading title-heading-left fusion-responsive-typography-calculated\" style=\"font-family:var(--awb-custom_typography_1-font-family);font-weight:var(--awb-custom_typography_1-font-weight);font-style:var(--awb-custom_typography_1-font-style);margin:0;letter-spacing:var(--awb-custom_typography_1-letter-spacing);text-transform:var(--awb-custom_typography_1-text-transform);font-size:1em;--fontSize:20;--minFontSize:20;line-height:var(--awb-custom_typography_1-line-height);\"><a href=\"https:\/\/www.collegiosantanselmo.com\/en\/2026\/03\/02\/change-of-the-guard-santanselmo-renews-finance-commission\/\" class=\"awb-custom-text-color awb-custom-text-hover-color\" target=\"_self\">Change of the Guard: Sant\u2019Anselmo Renews Finance Commission<\/a><\/h1><\/div><div class=\"fusion-text fusion-text-2\" style=\"--awb-font-size:var(--awb-custom_typography_2-font-size);--awb-line-height:var(--awb-custom_typography_2-line-height);--awb-letter-spacing:var(--awb-custom_typography_2-letter-spacing);--awb-text-transform:var(--awb-custom_typography_2-text-transform);--awb-text-color:var(--awb-custom_color_4);--awb-text-font-family:var(--awb-custom_typography_2-font-family);--awb-text-font-weight:var(--awb-custom_typography_2-font-weight);--awb-text-font-style:var(--awb-custom_typography_2-font-style);\"><p>Roman institutions are accustomed to change, and Sant\u2019Anselmo is currently experiencing a significant amount of it. Our bursar\/treasurer is being replaced, and the membership of the Abbot Primate\u2019s Finance Commission is also being renewed.<\/p>\n<\/div><div class=\"fusion-separator fusion-full-width-sep\" style=\"align-self: center;margin-left: auto;margin-right: auto;flex-grow:1;width:100%;\"><\/div><div class=\"fusion-separator fusion-no-medium-visibility fusion-no-large-visibility fusion-full-width-sep\" style=\"align-self: center;margin-left: auto;margin-right: auto;flex-grow:1;width:100%;\"><div class=\"fusion-separator-border sep-single sep-solid\" style=\"--awb-height:20px;--awb-amount:20px;--awb-sep-color:#665733;border-color:#665733;border-top-width:1px;\"><\/div><\/div><\/div><\/li>\n<li class=\"fusion-layout-column fusion_builder_column fusion-builder-column-3 fusion-flex-column post-card fusion-grid-column fusion-post-cards-grid-column\" style=\"--awb-bg-blend:overlay;--awb-bg-size:cover;--awb-border-color:#c13c13;--awb-flex-grow:0;--awb-flex-shrink:0;--awb-flex-grow-medium:0;--awb-flex-shrink-medium:0;--awb-flex-grow-small:0;--awb-flex-shrink-small:0;\"><div class=\"fusion-column-wrapper fusion-flex-justify-content-space-around fusion-content-layout-column\"><div class=\"fusion-classic-product-image-wrapper fusion-woo-product-image fusion-post-card-image fusion-post-card-image-1\" data-layout=\"static\" style=\"--awb-margin-bottom:3%;\"><div  class=\"fusion-image-wrapper\" aria-haspopup=\"true\">\n\t\t\t\t\t\t\t<a href=\"https:\/\/www.collegiosantanselmo.com\/en\/2026\/02\/26\/dom-geraldo-gonzalez-y-lima-osb-elected-fourth-abbot-of-sao-geraldo\/\" aria-label=\"Dom Geraldo Gonz\u00e1lez y Lima OSB Elected Fourth Abbot of S\u00e3o Geraldo\">\n\t\t\t\t\t\t\t<img decoding=\"async\" width=\"1920\" height=\"1080\" src=\"https:\/\/www.collegiosantanselmo.com\/wp-content\/uploads\/2026\/02\/DSC_2900_3.jpg\" class=\"attachment-full size-full lazyload wp-post-image\" alt=\"\" srcset=\"data:image\/svg+xml,%3Csvg%20xmlns%3D%27http%3A%2F%2Fwww.w3.org%2F2000%2Fsvg%27%20width%3D%271920%27%20height%3D%271080%27%20viewBox%3D%270%200%201920%201080%27%3E%3Crect%20width%3D%271920%27%20height%3D%271080%27%20fill-opacity%3D%220%22%2F%3E%3C%2Fsvg%3E\" data-orig-src=\"https:\/\/www.collegiosantanselmo.com\/wp-content\/uploads\/2026\/02\/DSC_2900_3.jpg\" data-srcset=\"https:\/\/www.collegiosantanselmo.com\/wp-content\/uploads\/2026\/02\/DSC_2900_3-200x113.jpg 200w, https:\/\/www.collegiosantanselmo.com\/wp-content\/uploads\/2026\/02\/DSC_2900_3-400x225.jpg 400w, https:\/\/www.collegiosantanselmo.com\/wp-content\/uploads\/2026\/02\/DSC_2900_3-600x338.jpg 600w, https:\/\/www.collegiosantanselmo.com\/wp-content\/uploads\/2026\/02\/DSC_2900_3-800x450.jpg 800w, https:\/\/www.collegiosantanselmo.com\/wp-content\/uploads\/2026\/02\/DSC_2900_3-1200x675.jpg 1200w, https:\/\/www.collegiosantanselmo.com\/wp-content\/uploads\/2026\/02\/DSC_2900_3.jpg 1920w\" data-sizes=\"auto\" \/>\t\t\t<\/a>\n\t\t\t\t\t\t\t<\/div>\n<\/div><div class=\"fusion-title title fusion-title-4 fusion-sep-none fusion-title-text fusion-title-size-one\" style=\"--awb-text-color:var(--awb-custom_color_5);--awb-margin-bottom:1%;--awb-margin-top-small:0px;--awb-margin-bottom-small:3%;--awb-font-size:var(--awb-custom_typography_1-font-size);\"><h1 class=\"fusion-title-heading title-heading-left fusion-responsive-typography-calculated\" style=\"font-family:var(--awb-custom_typography_1-font-family);font-weight:var(--awb-custom_typography_1-font-weight);font-style:var(--awb-custom_typography_1-font-style);margin:0;letter-spacing:var(--awb-custom_typography_1-letter-spacing);text-transform:var(--awb-custom_typography_1-text-transform);font-size:1em;--fontSize:20;--minFontSize:20;line-height:var(--awb-custom_typography_1-line-height);\"><a href=\"https:\/\/www.collegiosantanselmo.com\/en\/2026\/02\/26\/dom-geraldo-gonzalez-y-lima-osb-elected-fourth-abbot-of-sao-geraldo\/\" class=\"awb-custom-text-color awb-custom-text-hover-color\" target=\"_self\">Dom Geraldo Gonz\u00e1lez y Lima OSB Elected Fourth Abbot of S\u00e3o Geraldo<\/a><\/h1><\/div><div class=\"fusion-text fusion-text-3\" style=\"--awb-font-size:var(--awb-custom_typography_2-font-size);--awb-line-height:var(--awb-custom_typography_2-line-height);--awb-letter-spacing:var(--awb-custom_typography_2-letter-spacing);--awb-text-transform:var(--awb-custom_typography_2-text-transform);--awb-text-color:var(--awb-custom_color_4);--awb-text-font-family:var(--awb-custom_typography_2-font-family);--awb-text-font-weight:var(--awb-custom_typography_2-font-weight);--awb-text-font-style:var(--awb-custom_typography_2-font-style);\"><p>Dom Geraldo Gonz\u00e1lez y Lima OSB, long-serving treasurer of the Benedictine Confederation in Rome, has been elected the fourth Abbot of S\u00e3o Geraldo Abbey in S\u00e3o Paulo, Brazil, returning to his home community.<\/p>\n<\/div><div class=\"fusion-separator fusion-full-width-sep\" style=\"align-self: center;margin-left: auto;margin-right: auto;flex-grow:1;width:100%;\"><\/div><div class=\"fusion-separator fusion-no-medium-visibility fusion-no-large-visibility fusion-full-width-sep\" style=\"align-self: center;margin-left: auto;margin-right: auto;flex-grow:1;width:100%;\"><div class=\"fusion-separator-border sep-single sep-solid\" style=\"--awb-height:20px;--awb-amount:20px;--awb-sep-color:#665733;border-color:#665733;border-top-width:1px;\"><\/div><\/div><\/div><\/li>\n<\/ul><div class=\"fusion-infinite-scroll-trigger\"><\/div><div class=\"pagination infinite-scroll clearfix\" style=\"display:none;\"><span class=\"current\">1<\/span><a href=\"https:\/\/www.collegiosantanselmo.com\/en\/wp-json\/wp\/v2\/pages\/1158\/page\/2\/\" class=\"inactive\">2<\/a><a class=\"pagination-next\" rel=\"next\" href=\"https:\/\/www.collegiosantanselmo.com\/en\/wp-json\/wp\/v2\/pages\/1158\/page\/2\/\"><span class=\"page-text\">Next<\/span><span class=\"page-next\"><\/span><\/a><\/div><div class=\"fusion-clearfix\"><\/div><button class=\"fusion-load-more-button fusion-product-button fusion-clearfix\">Load More Posts<\/button><\/div><\/div><\/div><\/div><\/div><div class=\"fusion-fullwidth fullwidth-box fusion-builder-row-2 fusion-flex-container nonhundred-percent-fullwidth non-hundred-percent-height-scrolling\" style=\"--awb-border-radius-top-left:0px;--awb-border-radius-top-right:0px;--awb-border-radius-bottom-right:0px;--awb-border-radius-bottom-left:0px;--awb-padding-right:20%;--awb-padding-left:20%;--awb-padding-right-medium:30px;--awb-padding-left-medium:30px;--awb-flex-wrap:wrap;\" ><div class=\"fusion-builder-row fusion-row fusion-flex-align-items-flex-start fusion-flex-content-wrap\" style=\"max-width:1144px;margin-left: calc(-4% \/ 2 );margin-right: calc(-4% \/ 2 );\"><div class=\"fusion-layout-column fusion_builder_column fusion-builder-column-4 fusion_builder_column_1_1 1_1 fusion-flex-column\" style=\"--awb-bg-size:cover;--awb-width-large:100%;--awb-flex-grow:0;--awb-flex-shrink:0;--awb-margin-top-large:0px;--awb-spacing-right-large:1.92%;--awb-margin-bottom-large:20px;--awb-spacing-left-large:1.92%;--awb-width-medium:100%;--awb-order-medium:0;--awb-flex-grow-medium:0;--awb-flex-shrink-medium:0;--awb-spacing-right-medium:1.92%;--awb-spacing-left-medium:1.92%;--awb-width-small:100%;--awb-order-small:0;--awb-flex-grow-small:0;--awb-flex-shrink-small:0;--awb-spacing-right-small:1.92%;--awb-spacing-left-small:1.92%;\"><div class=\"fusion-column-wrapper fusion-column-has-shadow fusion-flex-justify-content-flex-start fusion-content-layout-column\"><div class=\"fusion-title title fusion-title-5 sep-underline sep-solid fusion-title-text fusion-title-size-one\" style=\"--awb-text-color:var(--awb-color8);--awb-margin-top:3%;--awb-margin-bottom:3%;--awb-margin-top-small:0px;--awb-sep-color:var(--awb-color7);--awb-font-size:var(--awb-typography2-font-size);\"><h1 class=\"fusion-title-heading title-heading-left fusion-responsive-typography-calculated\" style=\"font-family:var(--awb-typography2-font-family);font-weight:var(--awb-typography2-font-weight);font-style:var(--awb-typography2-font-style);margin:0;letter-spacing:var(--awb-typography2-letter-spacing);text-transform:var(--awb-typography2-text-transform);font-size:1em;--fontSize:26;--minFontSize:26;line-height:var(--awb-typography2-line-height);\">Events<\/h1><\/div><div class=\"fusion-post-cards fusion-post-cards-2 fusion-grid-archive fusion-grid-columns-3\" style=\"--awb-column-spacing:30px;--awb-columns:3;--awb-row-spacing:30px;\" data-post-type-label=\"events\"><ul class=\"fusion-grid fusion-grid-3 fusion-flex-align-items-flex-start fusion-grid-posts-cards fusion-grid-container-infinite fusion-grid-container-load-more\" data-pages=\"1\"><li class=\"fusion-layout-column fusion_builder_column fusion-builder-column-5 fusion-flex-column post-card fusion-grid-column fusion-post-cards-grid-column\" style=\"--awb-bg-blend:overlay;--awb-bg-size:cover;--awb-border-color:#c13c13;--awb-flex-grow:0;--awb-flex-shrink:0;--awb-flex-grow-medium:0;--awb-flex-shrink-medium:0;--awb-flex-grow-small:0;--awb-flex-shrink-small:0;\"><div class=\"fusion-column-wrapper fusion-flex-justify-content-space-around fusion-content-layout-column\"><div class=\"fusion-classic-product-image-wrapper fusion-woo-product-image fusion-post-card-image fusion-post-card-image-1\" data-layout=\"static\" style=\"--awb-margin-bottom:3%;\"><div  class=\"fusion-image-wrapper\" aria-haspopup=\"true\">\n\t\t\t\t\t\t\t<a href=\"https:\/\/www.collegiosantanselmo.com\/en\/event\/oblate-monastic-summer-studium\/\" aria-label=\"Oblate Monastic Summer Studium\">\n\t\t\t\t\t\t\t<img decoding=\"async\" width=\"1920\" height=\"1080\" src=\"https:\/\/www.collegiosantanselmo.com\/wp-content\/uploads\/2026\/01\/OMSS_hero_1.jpg\" class=\"attachment-full size-full lazyload wp-post-image\" alt=\"\" srcset=\"data:image\/svg+xml,%3Csvg%20xmlns%3D%27http%3A%2F%2Fwww.w3.org%2F2000%2Fsvg%27%20width%3D%271920%27%20height%3D%271080%27%20viewBox%3D%270%200%201920%201080%27%3E%3Crect%20width%3D%271920%27%20height%3D%271080%27%20fill-opacity%3D%220%22%2F%3E%3C%2Fsvg%3E\" data-orig-src=\"https:\/\/www.collegiosantanselmo.com\/wp-content\/uploads\/2026\/01\/OMSS_hero_1.jpg\" data-srcset=\"https:\/\/www.collegiosantanselmo.com\/wp-content\/uploads\/2026\/01\/OMSS_hero_1-200x113.jpg 200w, https:\/\/www.collegiosantanselmo.com\/wp-content\/uploads\/2026\/01\/OMSS_hero_1-400x225.jpg 400w, https:\/\/www.collegiosantanselmo.com\/wp-content\/uploads\/2026\/01\/OMSS_hero_1-600x338.jpg 600w, https:\/\/www.collegiosantanselmo.com\/wp-content\/uploads\/2026\/01\/OMSS_hero_1-800x450.jpg 800w, https:\/\/www.collegiosantanselmo.com\/wp-content\/uploads\/2026\/01\/OMSS_hero_1-1200x675.jpg 1200w, https:\/\/www.collegiosantanselmo.com\/wp-content\/uploads\/2026\/01\/OMSS_hero_1.jpg 1920w\" data-sizes=\"auto\" \/>\t\t\t<\/a>\n\t\t\t\t\t\t\t<\/div>\n<\/div><div class=\"fusion-title title fusion-title-6 fusion-sep-none fusion-title-text fusion-title-size-one\" style=\"--awb-text-color:var(--awb-custom_color_5);--awb-margin-bottom:1%;--awb-margin-top-small:0px;--awb-margin-bottom-small:3%;--awb-font-size:var(--awb-custom_typography_1-font-size);\"><h1 class=\"fusion-title-heading title-heading-left fusion-responsive-typography-calculated\" style=\"font-family:var(--awb-custom_typography_1-font-family);font-weight:var(--awb-custom_typography_1-font-weight);font-style:var(--awb-custom_typography_1-font-style);margin:0;letter-spacing:var(--awb-custom_typography_1-letter-spacing);text-transform:var(--awb-custom_typography_1-text-transform);font-size:1em;--fontSize:20;--minFontSize:20;line-height:var(--awb-custom_typography_1-line-height);\"><a href=\"https:\/\/www.collegiosantanselmo.com\/en\/event\/oblate-monastic-summer-studium\/\" class=\"awb-custom-text-color awb-custom-text-hover-color\" target=\"_self\">Oblate Monastic Summer Studium<\/a><\/h1><\/div><div class=\"fusion-text fusion-text-4\" style=\"--awb-font-size:var(--awb-custom_typography_2-font-size);--awb-line-height:var(--awb-custom_typography_2-line-height);--awb-letter-spacing:var(--awb-custom_typography_2-letter-spacing);--awb-text-transform:var(--awb-custom_typography_2-text-transform);--awb-text-color:var(--awb-custom_color_4);--awb-text-font-family:var(--awb-custom_typography_2-font-family);--awb-text-font-weight:var(--awb-custom_typography_2-font-weight);--awb-text-font-style:var(--awb-custom_typography_2-font-style);\"><p>Oblate Monastic Summer Studium \n 5-25 July 2026<\/p>\n<\/div><div class=\"fusion-separator fusion-full-width-sep\" style=\"align-self: center;margin-left: auto;margin-right: auto;flex-grow:1;width:100%;\"><\/div><div class=\"fusion-separator fusion-no-medium-visibility fusion-no-large-visibility fusion-full-width-sep\" style=\"align-self: center;margin-left: auto;margin-right: auto;flex-grow:1;width:100%;\"><div class=\"fusion-separator-border sep-single sep-solid\" style=\"--awb-height:20px;--awb-amount:20px;--awb-sep-color:#665733;border-color:#665733;border-top-width:1px;\"><\/div><\/div><\/div><\/li>\n<li class=\"fusion-layout-column fusion_builder_column fusion-builder-column-6 fusion-flex-column post-card fusion-grid-column fusion-post-cards-grid-column\" style=\"--awb-bg-blend:overlay;--awb-bg-size:cover;--awb-border-color:#c13c13;--awb-flex-grow:0;--awb-flex-shrink:0;--awb-flex-grow-medium:0;--awb-flex-shrink-medium:0;--awb-flex-grow-small:0;--awb-flex-shrink-small:0;\"><div class=\"fusion-column-wrapper fusion-flex-justify-content-space-around fusion-content-layout-column\"><div class=\"fusion-classic-product-image-wrapper fusion-woo-product-image fusion-post-card-image fusion-post-card-image-1\" data-layout=\"static\" style=\"--awb-margin-bottom:3%;\"><div  class=\"fusion-image-wrapper\" aria-haspopup=\"true\">\n\t\t\t\t\t\t\t<a href=\"https:\/\/www.collegiosantanselmo.com\/en\/event\/monastic-aggiornamento\/\" aria-label=\"Monastic Aggiornamento\">\n\t\t\t\t\t\t\t<img decoding=\"async\" width=\"1920\" height=\"1080\" src=\"https:\/\/www.collegiosantanselmo.com\/wp-content\/uploads\/2026\/01\/aggiornamento_hero_1.jpg\" class=\"attachment-full size-full lazyload wp-post-image\" alt=\"\" srcset=\"data:image\/svg+xml,%3Csvg%20xmlns%3D%27http%3A%2F%2Fwww.w3.org%2F2000%2Fsvg%27%20width%3D%271920%27%20height%3D%271080%27%20viewBox%3D%270%200%201920%201080%27%3E%3Crect%20width%3D%271920%27%20height%3D%271080%27%20fill-opacity%3D%220%22%2F%3E%3C%2Fsvg%3E\" data-orig-src=\"https:\/\/www.collegiosantanselmo.com\/wp-content\/uploads\/2026\/01\/aggiornamento_hero_1.jpg\" data-srcset=\"https:\/\/www.collegiosantanselmo.com\/wp-content\/uploads\/2026\/01\/aggiornamento_hero_1-200x113.jpg 200w, https:\/\/www.collegiosantanselmo.com\/wp-content\/uploads\/2026\/01\/aggiornamento_hero_1-400x225.jpg 400w, https:\/\/www.collegiosantanselmo.com\/wp-content\/uploads\/2026\/01\/aggiornamento_hero_1-600x338.jpg 600w, https:\/\/www.collegiosantanselmo.com\/wp-content\/uploads\/2026\/01\/aggiornamento_hero_1-800x450.jpg 800w, https:\/\/www.collegiosantanselmo.com\/wp-content\/uploads\/2026\/01\/aggiornamento_hero_1-1200x675.jpg 1200w, https:\/\/www.collegiosantanselmo.com\/wp-content\/uploads\/2026\/01\/aggiornamento_hero_1.jpg 1920w\" data-sizes=\"auto\" \/>\t\t\t<\/a>\n\t\t\t\t\t\t\t<\/div>\n<\/div><div class=\"fusion-title title fusion-title-7 fusion-sep-none fusion-title-text fusion-title-size-one\" style=\"--awb-text-color:var(--awb-custom_color_5);--awb-margin-bottom:1%;--awb-margin-top-small:0px;--awb-margin-bottom-small:3%;--awb-font-size:var(--awb-custom_typography_1-font-size);\"><h1 class=\"fusion-title-heading title-heading-left fusion-responsive-typography-calculated\" style=\"font-family:var(--awb-custom_typography_1-font-family);font-weight:var(--awb-custom_typography_1-font-weight);font-style:var(--awb-custom_typography_1-font-style);margin:0;letter-spacing:var(--awb-custom_typography_1-letter-spacing);text-transform:var(--awb-custom_typography_1-text-transform);font-size:1em;--fontSize:20;--minFontSize:20;line-height:var(--awb-custom_typography_1-line-height);\"><a href=\"https:\/\/www.collegiosantanselmo.com\/en\/event\/monastic-aggiornamento\/\" class=\"awb-custom-text-color awb-custom-text-hover-color\" target=\"_self\">Monastic Aggiornamento<\/a><\/h1><\/div><div class=\"fusion-text fusion-text-5\" style=\"--awb-font-size:var(--awb-custom_typography_2-font-size);--awb-line-height:var(--awb-custom_typography_2-line-height);--awb-letter-spacing:var(--awb-custom_typography_2-letter-spacing);--awb-text-transform:var(--awb-custom_typography_2-text-transform);--awb-text-color:var(--awb-custom_color_4);--awb-text-font-family:var(--awb-custom_typography_2-font-family);--awb-text-font-weight:var(--awb-custom_typography_2-font-weight);--awb-text-font-style:var(--awb-custom_typography_2-font-style);\"><p>Monastic Aggiornamento\n4-24 July 2026<\/p>\n<\/div><div class=\"fusion-separator fusion-full-width-sep\" style=\"align-self: center;margin-left: auto;margin-right: auto;flex-grow:1;width:100%;\"><\/div><div class=\"fusion-separator fusion-no-medium-visibility fusion-no-large-visibility fusion-full-width-sep\" style=\"align-self: center;margin-left: auto;margin-right: auto;flex-grow:1;width:100%;\"><div class=\"fusion-separator-border sep-single sep-solid\" style=\"--awb-height:20px;--awb-amount:20px;--awb-sep-color:#665733;border-color:#665733;border-top-width:1px;\"><\/div><\/div><\/div><\/li>\n<li class=\"fusion-layout-column fusion_builder_column fusion-builder-column-7 fusion-flex-column post-card fusion-grid-column fusion-post-cards-grid-column\" style=\"--awb-bg-blend:overlay;--awb-bg-size:cover;--awb-border-color:#c13c13;--awb-flex-grow:0;--awb-flex-shrink:0;--awb-flex-grow-medium:0;--awb-flex-shrink-medium:0;--awb-flex-grow-small:0;--awb-flex-shrink-small:0;\"><div class=\"fusion-column-wrapper fusion-flex-justify-content-space-around fusion-content-layout-column\"><div class=\"fusion-classic-product-image-wrapper fusion-woo-product-image fusion-post-card-image fusion-post-card-image-1\" data-layout=\"static\" style=\"--awb-margin-bottom:3%;\"><div  class=\"fusion-image-wrapper\" aria-haspopup=\"true\">\n\t\t\t\t\t\t\t<a href=\"https:\/\/www.collegiosantanselmo.com\/en\/event\/leadership-and-the-rule-event\/\" aria-label=\"Leadership and the &lt;i&gt;Rule&lt;\/i&gt; 2026\">\n\t\t\t\t\t\t\t<img decoding=\"async\" width=\"1920\" height=\"1080\" src=\"https:\/\/www.collegiosantanselmo.com\/wp-content\/uploads\/2021\/09\/LRB_graphic_grid_event_1.jpg\" class=\"attachment-full size-full lazyload wp-post-image\" alt=\"\" srcset=\"data:image\/svg+xml,%3Csvg%20xmlns%3D%27http%3A%2F%2Fwww.w3.org%2F2000%2Fsvg%27%20width%3D%271920%27%20height%3D%271080%27%20viewBox%3D%270%200%201920%201080%27%3E%3Crect%20width%3D%271920%27%20height%3D%271080%27%20fill-opacity%3D%220%22%2F%3E%3C%2Fsvg%3E\" data-orig-src=\"https:\/\/www.collegiosantanselmo.com\/wp-content\/uploads\/2021\/09\/LRB_graphic_grid_event_1.jpg\" data-srcset=\"https:\/\/www.collegiosantanselmo.com\/wp-content\/uploads\/2021\/09\/LRB_graphic_grid_event_1-200x113.jpg 200w, https:\/\/www.collegiosantanselmo.com\/wp-content\/uploads\/2021\/09\/LRB_graphic_grid_event_1-400x225.jpg 400w, https:\/\/www.collegiosantanselmo.com\/wp-content\/uploads\/2021\/09\/LRB_graphic_grid_event_1-600x338.jpg 600w, https:\/\/www.collegiosantanselmo.com\/wp-content\/uploads\/2021\/09\/LRB_graphic_grid_event_1-800x450.jpg 800w, https:\/\/www.collegiosantanselmo.com\/wp-content\/uploads\/2021\/09\/LRB_graphic_grid_event_1-1200x675.jpg 1200w, https:\/\/www.collegiosantanselmo.com\/wp-content\/uploads\/2021\/09\/LRB_graphic_grid_event_1.jpg 1920w\" data-sizes=\"auto\" \/>\t\t\t<\/a>\n\t\t\t\t\t\t\t<\/div>\n<\/div><div class=\"fusion-title title fusion-title-8 fusion-sep-none fusion-title-text fusion-title-size-one\" style=\"--awb-text-color:var(--awb-custom_color_5);--awb-margin-bottom:1%;--awb-margin-top-small:0px;--awb-margin-bottom-small:3%;--awb-font-size:var(--awb-custom_typography_1-font-size);\"><h1 class=\"fusion-title-heading title-heading-left fusion-responsive-typography-calculated\" style=\"font-family:var(--awb-custom_typography_1-font-family);font-weight:var(--awb-custom_typography_1-font-weight);font-style:var(--awb-custom_typography_1-font-style);margin:0;letter-spacing:var(--awb-custom_typography_1-letter-spacing);text-transform:var(--awb-custom_typography_1-text-transform);font-size:1em;--fontSize:20;--minFontSize:20;line-height:var(--awb-custom_typography_1-line-height);\"><a href=\"https:\/\/www.collegiosantanselmo.com\/en\/event\/leadership-and-the-rule-event\/\" class=\"awb-custom-text-color awb-custom-text-hover-color\" target=\"_self\">Leadership and the <i>Rule<\/i> 2026<\/a><\/h1><\/div><div class=\"fusion-text fusion-text-6\" style=\"--awb-font-size:var(--awb-custom_typography_2-font-size);--awb-line-height:var(--awb-custom_typography_2-line-height);--awb-letter-spacing:var(--awb-custom_typography_2-letter-spacing);--awb-text-transform:var(--awb-custom_typography_2-text-transform);--awb-text-color:var(--awb-custom_color_4);--awb-text-font-family:var(--awb-custom_typography_2-font-family);--awb-text-font-weight:var(--awb-custom_typography_2-font-weight);--awb-text-font-style:var(--awb-custom_typography_2-font-style);\"><p>Leadership and the Rule 2026<br\/>\nSummer Course : 5-18 July<\/p>\n<\/div><div class=\"fusion-separator fusion-full-width-sep\" style=\"align-self: center;margin-left: auto;margin-right: auto;flex-grow:1;width:100%;\"><\/div><div class=\"fusion-separator fusion-no-medium-visibility fusion-no-large-visibility fusion-full-width-sep\" style=\"align-self: center;margin-left: auto;margin-right: auto;flex-grow:1;width:100%;\"><div class=\"fusion-separator-border sep-single sep-solid\" style=\"--awb-height:20px;--awb-amount:20px;--awb-sep-color:#665733;border-color:#665733;border-top-width:1px;\"><\/div><\/div><\/div><\/li>\n<\/ul><\/div><\/div><\/div><\/div><\/div><\/p>\n","protected":false},"excerpt":{"rendered":"","protected":false},"author":1,"featured_media":0,"parent":578,"menu_order":0,"comment_status":"closed","ping_status":"closed","template":"","meta":{"footnotes":""},"class_list":["post-1158","page","type-page","status-publish","hentry"],"aioseo_notices":[],"_links":{"self":[{"href":"https:\/\/www.collegiosantanselmo.com\/en\/wp-json\/wp\/v2\/pages\/1158","targetHints":{"allow":["GET"]}}],"collection":[{"href":"https:\/\/www.collegiosantanselmo.com\/en\/wp-json\/wp\/v2\/pages"}],"about":[{"href":"https:\/\/www.collegiosantanselmo.com\/en\/wp-json\/wp\/v2\/types\/page"}],"author":[{"embeddable":true,"href":"https:\/\/www.collegiosantanselmo.com\/en\/wp-json\/wp\/v2\/users\/1"}],"replies":[{"embeddable":true,"href":"https:\/\/www.collegiosantanselmo.com\/en\/wp-json\/wp\/v2\/comments?post=1158"}],"version-history":[{"count":0,"href":"https:\/\/www.collegiosantanselmo.com\/en\/wp-json\/wp\/v2\/pages\/1158\/revisions"}],"up":[{"embeddable":true,"href":"https:\/\/www.collegiosantanselmo.com\/en\/wp-json\/wp\/v2\/pages\/578"}],"wp:attachment":[{"href":"https:\/\/www.collegiosantanselmo.com\/en\/wp-json\/wp\/v2\/media?parent=1158"}],"curies":[{"name":"wp","href":"https:\/\/api.w.org\/{rel}","templated":true}]}}